{"id":82,"date":"2020-03-19T15:32:57","date_gmt":"2020-03-19T15:32:57","guid":{"rendered":"https:\/\/fjellheimengalleri.no\/?page_id=82"},"modified":"2025-10-26T12:13:08","modified_gmt":"2025-10-26T12:13:08","slug":"velkommen","status":"publish","type":"page","link":"https:\/\/fjellheimengalleri.no\/no\/","title":{"rendered":"Velkommen"},"content":{"rendered":"\n<div class=\"wp-block-cover is-light has-custom-content-position is-position-top-center\" style=\"min-height:600px;aspect-ratio:unset;\"><span aria-hidden=\"true\" class=\"wp-block-cover__background has-background-dim-0 has-background-dim\"><\/span><img loading=\"lazy\" decoding=\"async\" width=\"2280\" height=\"1200\" class=\"wp-block-cover__image-background wp-image-17336\" alt=\"\" src=\"https:\/\/fjellheimengalleri.no\/wp-content\/uploads\/2023\/05\/bakgrunn.jpg\" data-object-fit=\"cover\" srcset=\"https:\/\/fjellheimengalleri.no\/wp-content\/uploads\/2023\/05\/bakgrunn.jpg 2280w, https:\/\/fjellheimengalleri.no\/wp-content\/uploads\/2023\/05\/bakgrunn-510x268.jpg 510w, https:\/\/fjellheimengalleri.no\/wp-content\/uploads\/2023\/05\/bakgrunn-700x368.jpg 700w, https:\/\/fjellheimengalleri.no\/wp-content\/uploads\/2023\/05\/bakgrunn-320x168.jpg 320w, https:\/\/fjellheimengalleri.no\/wp-content\/uploads\/2023\/05\/bakgrunn-1536x808.jpg 1536w, https:\/\/fjellheimengalleri.no\/wp-content\/uploads\/2023\/05\/bakgrunn-2048x1078.jpg 2048w, https:\/\/fjellheimengalleri.no\/wp-content\/uploads\/2023\/05\/bakgrunn-510x268@2x.jpg 1020w, https:\/\/fjellheimengalleri.no\/wp-content\/uploads\/2023\/05\/bakgrunn-700x368@2x.jpg 1400w, https:\/\/fjellheimengalleri.no\/wp-content\/uploads\/2023\/05\/bakgrunn-320x168@2x.jpg 640w\" sizes=\"auto, (max-width: 2280px) 100vw, 2280px\" \/><div class=\"wp-block-cover__inner-container is-layout-flow wp-block-cover-is-layout-flow\">\n<h5 class=\"wp-block-heading has-text-align-center has-base-color has-text-color\" style=\"font-size:50px\"> <br> <br> <br> <br> <br> <br> <br>KUNSTFOTO&nbsp;&amp;&nbsp;INTERI\u00d8R<\/h5>\n\n\n\n<h6 class=\"wp-block-heading has-text-align-center has-base-color has-text-color\" style=\"font-size:50px\">med r\u00f8tter i fjellheimen<\/h6>\n\n\n\n<p><\/p>\n\n\n\n<p><\/p>\n\n\n\n<p><\/p>\n<\/div><\/div>\n\n\n\n<div class=\"wp-block-columns is-layout-flex wp-container-core-columns-is-layout-9d6595d7 wp-block-columns-is-layout-flex\">\n<div class=\"wp-block-column is-layout-flow wp-block-column-is-layout-flow\">\n<p><\/p>\n<\/div>\n\n\n\n<div class=\"wp-block-column is-layout-flow wp-block-column-is-layout-flow\">\n<p><\/p>\n<\/div>\n<\/div>\n\n\n\n<p class=\"has-text-align-center has-base-color has-text-color has-medium-font-size\">Fjellheimen Galleri formidler Orsolya Haarberg sine fotografier og <br>interi\u00f8r laget av unike og ureiste r\u00e5materialer fra fjellheimen. <\/p>\n\n\n\n<div style=\"height:40px\" aria-hidden=\"true\" class=\"wp-block-spacer\"><\/div>\n\n\n\n<div class=\"wp-block-columns is-layout-flex wp-container-core-columns-is-layout-9d6595d7 wp-block-columns-is-layout-flex\">\n<div class=\"wp-block-column is-layout-flow wp-block-column-is-layout-flow\">\n<figure class=\"wp-block-image size-large\"><a href=\"https:\/\/rein-design.no\/\" target=\"_blank\" rel=\"noreferrer noopener\"><img loading=\"lazy\" decoding=\"async\" width=\"700\" height=\"467\" src=\"https:\/\/fjellheimengalleri.no\/wp-content\/uploads\/2024\/03\/REiN-Skal-uten-fot_svart_nr3_05-1-700x467.jpg\" alt=\"\" class=\"wp-image-17990\" srcset=\"https:\/\/fjellheimengalleri.no\/wp-content\/uploads\/2024\/03\/REiN-Skal-uten-fot_svart_nr3_05-1-700x467.jpg 700w, https:\/\/fjellheimengalleri.no\/wp-content\/uploads\/2024\/03\/REiN-Skal-uten-fot_svart_nr3_05-1-510x340.jpg 510w, https:\/\/fjellheimengalleri.no\/wp-content\/uploads\/2024\/03\/REiN-Skal-uten-fot_svart_nr3_05-1-320x213.jpg 320w, https:\/\/fjellheimengalleri.no\/wp-content\/uploads\/2024\/03\/REiN-Skal-uten-fot_svart_nr3_05-1.jpg 1500w, https:\/\/fjellheimengalleri.no\/wp-content\/uploads\/2024\/03\/REiN-Skal-uten-fot_svart_nr3_05-1-700x467@2x.jpg 1400w, https:\/\/fjellheimengalleri.no\/wp-content\/uploads\/2024\/03\/REiN-Skal-uten-fot_svart_nr3_05-1-510x340@2x.jpg 1020w, https:\/\/fjellheimengalleri.no\/wp-content\/uploads\/2024\/03\/REiN-Skal-uten-fot_svart_nr3_05-1-320x213@2x.jpg 640w\" sizes=\"auto, (max-width: 700px) 100vw, 700px\" \/><\/a><figcaption class=\"wp-element-caption\"><a href=\"https:\/\/rein-design.no\" target=\"_blank\" rel=\"noreferrer noopener\">REiN<\/a><\/figcaption><\/figure>\n<\/div>\n\n\n\n<div class=\"wp-block-column is-layout-flow wp-block-column-is-layout-flow\">\n<figure class=\"wp-block-image size-large\"><a href=\"https:\/\/fjellheimengalleri.no\/no\/fine-art-print\/\"><img loading=\"lazy\" decoding=\"async\" width=\"700\" height=\"467\" src=\"https:\/\/fjellheimengalleri.no\/wp-content\/uploads\/2023\/05\/Laponia_6250_OHA-2014-04-16-103305-700x467.jpg\" alt=\"\" class=\"wp-image-17361\" srcset=\"https:\/\/fjellheimengalleri.no\/wp-content\/uploads\/2023\/05\/Laponia_6250_OHA-2014-04-16-103305-700x467.jpg 700w, https:\/\/fjellheimengalleri.no\/wp-content\/uploads\/2023\/05\/Laponia_6250_OHA-2014-04-16-103305-510x340.jpg 510w, https:\/\/fjellheimengalleri.no\/wp-content\/uploads\/2023\/05\/Laponia_6250_OHA-2014-04-16-103305-320x213.jpg 320w, https:\/\/fjellheimengalleri.no\/wp-content\/uploads\/2023\/05\/Laponia_6250_OHA-2014-04-16-103305.jpg 1080w, https:\/\/fjellheimengalleri.no\/wp-content\/uploads\/2023\/05\/Laponia_6250_OHA-2014-04-16-103305-510x340@2x.jpg 1020w, https:\/\/fjellheimengalleri.no\/wp-content\/uploads\/2023\/05\/Laponia_6250_OHA-2014-04-16-103305-320x213@2x.jpg 640w\" sizes=\"auto, (max-width: 700px) 100vw, 700px\" \/><\/a><figcaption class=\"wp-element-caption\"><a href=\"https:\/\/fjellheimengalleri.no\/no\/fine-art-print\/\">Fine art fotografier<\/a><\/figcaption><\/figure>\n<\/div>\n\n\n\n<div class=\"wp-block-column is-layout-flow wp-block-column-is-layout-flow\">\n<figure class=\"wp-block-image size-large\"><a href=\"https:\/\/fjellheimengalleri.no\/no\/bilder-i-unike-trerammer\"><img loading=\"lazy\" decoding=\"async\" width=\"700\" height=\"532\" src=\"https:\/\/fjellheimengalleri.no\/wp-content\/uploads\/2021\/05\/FH27b_589x789mm_626x826mm-700x532.jpg\" alt=\"\" class=\"wp-image-18102\" srcset=\"https:\/\/fjellheimengalleri.no\/wp-content\/uploads\/2021\/05\/FH27b_589x789mm_626x826mm-700x532.jpg 700w, https:\/\/fjellheimengalleri.no\/wp-content\/uploads\/2021\/05\/FH27b_589x789mm_626x826mm-510x388.jpg 510w, https:\/\/fjellheimengalleri.no\/wp-content\/uploads\/2021\/05\/FH27b_589x789mm_626x826mm-320x243.jpg 320w, https:\/\/fjellheimengalleri.no\/wp-content\/uploads\/2021\/05\/FH27b_589x789mm_626x826mm.jpg 1500w, https:\/\/fjellheimengalleri.no\/wp-content\/uploads\/2021\/05\/FH27b_589x789mm_626x826mm-700x532@2x.jpg 1400w, https:\/\/fjellheimengalleri.no\/wp-content\/uploads\/2021\/05\/FH27b_589x789mm_626x826mm-510x388@2x.jpg 1020w, https:\/\/fjellheimengalleri.no\/wp-content\/uploads\/2021\/05\/FH27b_589x789mm_626x826mm-320x243@2x.jpg 640w\" sizes=\"auto, (max-width: 700px) 100vw, 700px\" \/><\/a><figcaption class=\"wp-element-caption\"><a href=\"https:\/\/fjellheimengalleri.no\/no\/bilder-i-unike-trerammer\">Bilder i unike trerammer<\/a><\/figcaption><\/figure>\n<\/div>\n<\/div>\n\n\n\n<div class=\"wp-block-columns is-layout-flex wp-container-core-columns-is-layout-9d6595d7 wp-block-columns-is-layout-flex\">\n<div class=\"wp-block-column is-layout-flow wp-block-column-is-layout-flow\">\n<figure class=\"wp-block-image size-large\"><a href=\"https:\/\/fjellheimengalleri.no\/no\/utstillinger\/utstillingshistorie\/\"><img loading=\"lazy\" decoding=\"async\" width=\"700\" height=\"467\" src=\"https:\/\/fjellheimengalleri.no\/wp-content\/uploads\/2020\/12\/Orsolya-Haarberg_Ullinsvin07-700x467.jpg\" alt=\"\" class=\"wp-image-14811\" srcset=\"https:\/\/fjellheimengalleri.no\/wp-content\/uploads\/2020\/12\/Orsolya-Haarberg_Ullinsvin07-700x467.jpg 700w, https:\/\/fjellheimengalleri.no\/wp-content\/uploads\/2020\/12\/Orsolya-Haarberg_Ullinsvin07-510x340.jpg 510w, https:\/\/fjellheimengalleri.no\/wp-content\/uploads\/2020\/12\/Orsolya-Haarberg_Ullinsvin07-320x213.jpg 320w, https:\/\/fjellheimengalleri.no\/wp-content\/uploads\/2020\/12\/Orsolya-Haarberg_Ullinsvin07-1536x1024.jpg 1536w, https:\/\/fjellheimengalleri.no\/wp-content\/uploads\/2020\/12\/Orsolya-Haarberg_Ullinsvin07.jpg 1920w, https:\/\/fjellheimengalleri.no\/wp-content\/uploads\/2020\/12\/Orsolya-Haarberg_Ullinsvin07-700x467@2x.jpg 1400w, https:\/\/fjellheimengalleri.no\/wp-content\/uploads\/2020\/12\/Orsolya-Haarberg_Ullinsvin07-510x340@2x.jpg 1020w, https:\/\/fjellheimengalleri.no\/wp-content\/uploads\/2020\/12\/Orsolya-Haarberg_Ullinsvin07-320x213@2x.jpg 640w\" sizes=\"auto, (max-width: 700px) 100vw, 700px\" \/><\/a><figcaption class=\"wp-element-caption\"><a href=\"https:\/\/fjellheimengalleri.no\/no\/utstillinger\/utstillingshistorie\/\">Utstillinger<\/a><\/figcaption><\/figure>\n<\/div>\n\n\n\n<div class=\"wp-block-column is-layout-flow wp-block-column-is-layout-flow\">\n<figure class=\"wp-block-image size-large\"><a href=\"https:\/\/fjellheimengalleri.no\/no\/boker\/\"><img loading=\"lazy\" decoding=\"async\" width=\"700\" height=\"467\" src=\"https:\/\/fjellheimengalleri.no\/wp-content\/uploads\/2023\/05\/Laponia-cover_SE-700x467.jpg\" alt=\"\" class=\"wp-image-17367\" srcset=\"https:\/\/fjellheimengalleri.no\/wp-content\/uploads\/2023\/05\/Laponia-cover_SE-700x467.jpg 700w, https:\/\/fjellheimengalleri.no\/wp-content\/uploads\/2023\/05\/Laponia-cover_SE-510x340.jpg 510w, https:\/\/fjellheimengalleri.no\/wp-content\/uploads\/2023\/05\/Laponia-cover_SE-320x213.jpg 320w, https:\/\/fjellheimengalleri.no\/wp-content\/uploads\/2023\/05\/Laponia-cover_SE.jpg 1080w, https:\/\/fjellheimengalleri.no\/wp-content\/uploads\/2023\/05\/Laponia-cover_SE-510x340@2x.jpg 1020w, https:\/\/fjellheimengalleri.no\/wp-content\/uploads\/2023\/05\/Laponia-cover_SE-320x213@2x.jpg 640w\" sizes=\"auto, (max-width: 700px) 100vw, 700px\" \/><\/a><figcaption class=\"wp-element-caption\"><a href=\"https:\/\/fjellheimengalleri.no\/no\/boker\/\">B\u00f8ker<\/a><\/figcaption><\/figure>\n<\/div>\n\n\n\n<div class=\"wp-block-column is-layout-flow wp-block-column-is-layout-flow\">\n<figure class=\"wp-block-image size-large\"><a href=\"https:\/\/fjellheimengalleri.no\/no\/orsolya-haarberg\/\"><img loading=\"lazy\" decoding=\"async\" width=\"700\" height=\"467\" src=\"https:\/\/fjellheimengalleri.no\/wp-content\/uploads\/2023\/05\/Orsolya-Haarberg_foto-Roger-Illing_BW-700x467.jpg\" alt=\"\" class=\"wp-image-17365\" srcset=\"https:\/\/fjellheimengalleri.no\/wp-content\/uploads\/2023\/05\/Orsolya-Haarberg_foto-Roger-Illing_BW-700x467.jpg 700w, https:\/\/fjellheimengalleri.no\/wp-content\/uploads\/2023\/05\/Orsolya-Haarberg_foto-Roger-Illing_BW-510x340.jpg 510w, https:\/\/fjellheimengalleri.no\/wp-content\/uploads\/2023\/05\/Orsolya-Haarberg_foto-Roger-Illing_BW-320x213.jpg 320w, https:\/\/fjellheimengalleri.no\/wp-content\/uploads\/2023\/05\/Orsolya-Haarberg_foto-Roger-Illing_BW.jpg 1080w, https:\/\/fjellheimengalleri.no\/wp-content\/uploads\/2023\/05\/Orsolya-Haarberg_foto-Roger-Illing_BW-510x340@2x.jpg 1020w, https:\/\/fjellheimengalleri.no\/wp-content\/uploads\/2023\/05\/Orsolya-Haarberg_foto-Roger-Illing_BW-320x213@2x.jpg 640w\" sizes=\"auto, (max-width: 700px) 100vw, 700px\" \/><\/a><figcaption class=\"wp-element-caption\"><a href=\"https:\/\/fjellheimengalleri.no\/no\/orsolya-haarberg\/\">Om meg<\/a><\/figcaption><\/figure>\n<\/div>\n<\/div>\n\n\n\n<p><\/p>\n","protected":false},"excerpt":{"rendered":"<p>Fjellheimen Galleri formidler Orsolya Haarberg sine fotografier og interi\u00f8r laget av unike og ureiste r\u00e5materialer fra fjellheimen.<\/p>\n","protected":false},"author":1,"featured_media":19668,"parent":0,"menu_order":0,"comment_status":"closed","ping_status":"closed","template":"","meta":{"footnotes":""},"class_list":["post-82","page","type-page","status-publish","has-post-thumbnail"],"yoast_head":"<!-- This site is optimized with the Yoast SEO plugin v27.4 - https:\/\/yoast.com\/product\/yoast-seo-wordpress\/ -->\n<title>Velkommen - Fjellheimen Galleri<\/title>\n<meta name=\"description\" content=\"Kunstfoto &amp; Interi\u00f8r \u2013 med r\u00f8tter i fjellheimen\" \/>\n<meta name=\"robots\" content=\"index, follow, max-snippet:-1, max-image-preview:large, max-video-preview:-1\" \/>\n<link rel=\"canonical\" href=\"https:\/\/fjellheimengalleri.no\/no\/\" \/>\n<meta property=\"og:locale\" content=\"nb_NO\" \/>\n<meta property=\"og:type\" content=\"article\" \/>\n<meta property=\"og:title\" content=\"Kunstfoto &amp; Interi\u00f8r \u2013 med r\u00f8tter i fjellheimen\" \/>\n<meta property=\"og:description\" content=\"Fjellheimen Galleri formidler kunstfotografiersamt interi\u00f8r laget av unike og ureister\u00e5materialer fra fjellheimen.\" \/>\n<meta property=\"og:url\" content=\"https:\/\/fjellheimengalleri.no\/no\/\" \/>\n<meta property=\"og:site_name\" content=\"Fjellheimen Galleri\" \/>\n<meta property=\"article:modified_time\" content=\"2025-10-26T12:13:08+00:00\" \/>\n<meta property=\"og:image\" content=\"https:\/\/fjellheimengalleri.no\/wp-content\/uploads\/2022\/12\/cover-1.jpg\" \/>\n\t<meta property=\"og:image:width\" content=\"1995\" \/>\n\t<meta property=\"og:image:height\" content=\"1173\" \/>\n\t<meta property=\"og:image:type\" content=\"image\/jpeg\" \/>\n<meta name=\"twitter:card\" content=\"summary_large_image\" \/>\n<meta name=\"twitter:label1\" content=\"Ansl. lesetid\" \/>\n\t<meta name=\"twitter:data1\" content=\"2 minutter\" \/>\n<script type=\"application\/ld+json\" class=\"yoast-schema-graph\">{\"@context\":\"https:\\\/\\\/schema.org\",\"@graph\":[{\"@type\":\"WebPage\",\"@id\":\"https:\\\/\\\/fjellheimengalleri.no\\\/no\\\/\",\"url\":\"https:\\\/\\\/fjellheimengalleri.no\\\/no\\\/\",\"name\":\"Velkommen - Fjellheimen Galleri\",\"isPartOf\":{\"@id\":\"https:\\\/\\\/fjellheimengalleri.no\\\/no\\\/#website\"},\"primaryImageOfPage\":{\"@id\":\"https:\\\/\\\/fjellheimengalleri.no\\\/no\\\/#primaryimage\"},\"image\":{\"@id\":\"https:\\\/\\\/fjellheimengalleri.no\\\/no\\\/#primaryimage\"},\"thumbnailUrl\":\"https:\\\/\\\/fjellheimengalleri.no\\\/wp-content\\\/uploads\\\/2024\\\/10\\\/featured-image.jpg\",\"datePublished\":\"2020-03-19T15:32:57+00:00\",\"dateModified\":\"2025-10-26T12:13:08+00:00\",\"description\":\"Kunstfoto & Interi\u00f8r \u2013 med r\u00f8tter i fjellheimen\",\"breadcrumb\":{\"@id\":\"https:\\\/\\\/fjellheimengalleri.no\\\/no\\\/#breadcrumb\"},\"inLanguage\":\"nb-NO\",\"potentialAction\":[{\"@type\":\"ReadAction\",\"target\":[\"https:\\\/\\\/fjellheimengalleri.no\\\/no\\\/\"]}]},{\"@type\":\"ImageObject\",\"inLanguage\":\"nb-NO\",\"@id\":\"https:\\\/\\\/fjellheimengalleri.no\\\/no\\\/#primaryimage\",\"url\":\"https:\\\/\\\/fjellheimengalleri.no\\\/wp-content\\\/uploads\\\/2024\\\/10\\\/featured-image.jpg\",\"contentUrl\":\"https:\\\/\\\/fjellheimengalleri.no\\\/wp-content\\\/uploads\\\/2024\\\/10\\\/featured-image.jpg\",\"width\":855,\"height\":1145},{\"@type\":\"BreadcrumbList\",\"@id\":\"https:\\\/\\\/fjellheimengalleri.no\\\/no\\\/#breadcrumb\",\"itemListElement\":[{\"@type\":\"ListItem\",\"position\":1,\"name\":\"Home\",\"item\":\"https:\\\/\\\/fjellheimengalleri.no\\\/no\\\/\"},{\"@type\":\"ListItem\",\"position\":2,\"name\":\"Velkommen\"}]},{\"@type\":\"WebSite\",\"@id\":\"https:\\\/\\\/fjellheimengalleri.no\\\/no\\\/#website\",\"url\":\"https:\\\/\\\/fjellheimengalleri.no\\\/no\\\/\",\"name\":\"Fjellheimen Galleri\",\"description\":\"PRISBEL\u00d8NTE FOTOGRAFIER OG H\u00c5NDLAGEDE BILDERAMMER AV GAMMELT TREVERK FRA DEN NORSKE FJELLHEIMEN, OG MER!\",\"publisher\":{\"@id\":\"https:\\\/\\\/fjellheimengalleri.no\\\/no\\\/#organization\"},\"potentialAction\":[{\"@type\":\"SearchAction\",\"target\":{\"@type\":\"EntryPoint\",\"urlTemplate\":\"https:\\\/\\\/fjellheimengalleri.no\\\/no\\\/?s={search_term_string}\"},\"query-input\":{\"@type\":\"PropertyValueSpecification\",\"valueRequired\":true,\"valueName\":\"search_term_string\"}}],\"inLanguage\":\"nb-NO\"},{\"@type\":\"Organization\",\"@id\":\"https:\\\/\\\/fjellheimengalleri.no\\\/no\\\/#organization\",\"name\":\"Fjellheimen Galleri\",\"url\":\"https:\\\/\\\/fjellheimengalleri.no\\\/no\\\/\",\"logo\":{\"@type\":\"ImageObject\",\"inLanguage\":\"nb-NO\",\"@id\":\"https:\\\/\\\/fjellheimengalleri.no\\\/no\\\/#\\\/schema\\\/logo\\\/image\\\/\",\"url\":\"https:\\\/\\\/fjellheimengalleri.no\\\/wp-content\\\/uploads\\\/2026\\\/02\\\/cropped-Logo_Bla_fjellheimen_galleri-1.png\",\"contentUrl\":\"https:\\\/\\\/fjellheimengalleri.no\\\/wp-content\\\/uploads\\\/2026\\\/02\\\/cropped-Logo_Bla_fjellheimen_galleri-1.png\",\"width\":769,\"height\":473,\"caption\":\"Fjellheimen Galleri\"},\"image\":{\"@id\":\"https:\\\/\\\/fjellheimengalleri.no\\\/no\\\/#\\\/schema\\\/logo\\\/image\\\/\"}}]}<\/script>\n<!-- \/ Yoast SEO plugin. -->","yoast_head_json":{"title":"Velkommen - Fjellheimen Galleri","description":"Kunstfoto & Interi\u00f8r \u2013 med r\u00f8tter i fjellheimen","robots":{"index":"index","follow":"follow","max-snippet":"max-snippet:-1","max-image-preview":"max-image-preview:large","max-video-preview":"max-video-preview:-1"},"canonical":"https:\/\/fjellheimengalleri.no\/no\/","og_locale":"nb_NO","og_type":"article","og_title":"Kunstfoto & Interi\u00f8r \u2013 med r\u00f8tter i fjellheimen","og_description":"Fjellheimen Galleri formidler kunstfotografiersamt interi\u00f8r laget av unike og ureister\u00e5materialer fra fjellheimen.","og_url":"https:\/\/fjellheimengalleri.no\/no\/","og_site_name":"Fjellheimen Galleri","article_modified_time":"2025-10-26T12:13:08+00:00","og_image":[{"width":1995,"height":1173,"url":"https:\/\/fjellheimengalleri.no\/wp-content\/uploads\/2022\/12\/cover-1.jpg","type":"image\/jpeg"}],"twitter_card":"summary_large_image","twitter_misc":{"Ansl. lesetid":"2 minutter"},"schema":{"@context":"https:\/\/schema.org","@graph":[{"@type":"WebPage","@id":"https:\/\/fjellheimengalleri.no\/no\/","url":"https:\/\/fjellheimengalleri.no\/no\/","name":"Velkommen - Fjellheimen Galleri","isPartOf":{"@id":"https:\/\/fjellheimengalleri.no\/no\/#website"},"primaryImageOfPage":{"@id":"https:\/\/fjellheimengalleri.no\/no\/#primaryimage"},"image":{"@id":"https:\/\/fjellheimengalleri.no\/no\/#primaryimage"},"thumbnailUrl":"https:\/\/fjellheimengalleri.no\/wp-content\/uploads\/2024\/10\/featured-image.jpg","datePublished":"2020-03-19T15:32:57+00:00","dateModified":"2025-10-26T12:13:08+00:00","description":"Kunstfoto & Interi\u00f8r \u2013 med r\u00f8tter i fjellheimen","breadcrumb":{"@id":"https:\/\/fjellheimengalleri.no\/no\/#breadcrumb"},"inLanguage":"nb-NO","potentialAction":[{"@type":"ReadAction","target":["https:\/\/fjellheimengalleri.no\/no\/"]}]},{"@type":"ImageObject","inLanguage":"nb-NO","@id":"https:\/\/fjellheimengalleri.no\/no\/#primaryimage","url":"https:\/\/fjellheimengalleri.no\/wp-content\/uploads\/2024\/10\/featured-image.jpg","contentUrl":"https:\/\/fjellheimengalleri.no\/wp-content\/uploads\/2024\/10\/featured-image.jpg","width":855,"height":1145},{"@type":"BreadcrumbList","@id":"https:\/\/fjellheimengalleri.no\/no\/#breadcrumb","itemListElement":[{"@type":"ListItem","position":1,"name":"Home","item":"https:\/\/fjellheimengalleri.no\/no\/"},{"@type":"ListItem","position":2,"name":"Velkommen"}]},{"@type":"WebSite","@id":"https:\/\/fjellheimengalleri.no\/no\/#website","url":"https:\/\/fjellheimengalleri.no\/no\/","name":"Fjellheimen Galleri","description":"PRISBEL\u00d8NTE FOTOGRAFIER OG H\u00c5NDLAGEDE BILDERAMMER AV GAMMELT TREVERK FRA DEN NORSKE FJELLHEIMEN, OG MER!","publisher":{"@id":"https:\/\/fjellheimengalleri.no\/no\/#organization"},"potentialAction":[{"@type":"SearchAction","target":{"@type":"EntryPoint","urlTemplate":"https:\/\/fjellheimengalleri.no\/no\/?s={search_term_string}"},"query-input":{"@type":"PropertyValueSpecification","valueRequired":true,"valueName":"search_term_string"}}],"inLanguage":"nb-NO"},{"@type":"Organization","@id":"https:\/\/fjellheimengalleri.no\/no\/#organization","name":"Fjellheimen Galleri","url":"https:\/\/fjellheimengalleri.no\/no\/","logo":{"@type":"ImageObject","inLanguage":"nb-NO","@id":"https:\/\/fjellheimengalleri.no\/no\/#\/schema\/logo\/image\/","url":"https:\/\/fjellheimengalleri.no\/wp-content\/uploads\/2026\/02\/cropped-Logo_Bla_fjellheimen_galleri-1.png","contentUrl":"https:\/\/fjellheimengalleri.no\/wp-content\/uploads\/2026\/02\/cropped-Logo_Bla_fjellheimen_galleri-1.png","width":769,"height":473,"caption":"Fjellheimen Galleri"},"image":{"@id":"https:\/\/fjellheimengalleri.no\/no\/#\/schema\/logo\/image\/"}}]}},"_links":{"self":[{"href":"https:\/\/fjellheimengalleri.no\/no\/wp-json\/wp\/v2\/pages\/82","targetHints":{"allow":["GET"]}}],"collection":[{"href":"https:\/\/fjellheimengalleri.no\/no\/wp-json\/wp\/v2\/pages"}],"about":[{"href":"https:\/\/fjellheimengalleri.no\/no\/wp-json\/wp\/v2\/types\/page"}],"author":[{"embeddable":true,"href":"https:\/\/fjellheimengalleri.no\/no\/wp-json\/wp\/v2\/users\/1"}],"replies":[{"embeddable":true,"href":"https:\/\/fjellheimengalleri.no\/no\/wp-json\/wp\/v2\/comments?post=82"}],"version-history":[{"count":3,"href":"https:\/\/fjellheimengalleri.no\/no\/wp-json\/wp\/v2\/pages\/82\/revisions"}],"predecessor-version":[{"id":20522,"href":"https:\/\/fjellheimengalleri.no\/no\/wp-json\/wp\/v2\/pages\/82\/revisions\/20522"}],"wp:featuredmedia":[{"embeddable":true,"href":"https:\/\/fjellheimengalleri.no\/no\/wp-json\/wp\/v2\/media\/19668"}],"wp:attachment":[{"href":"https:\/\/fjellheimengalleri.no\/no\/wp-json\/wp\/v2\/media?parent=82"}],"curies":[{"name":"wp","href":"https:\/\/api.w.org\/{rel}","templated":true}]}}