{"id":1829,"date":"2020-04-13T13:37:31","date_gmt":"2020-04-13T13:37:31","guid":{"rendered":"https:\/\/fjellheimengalleri.no\/product\/iceland-land-of-contrasts\/"},"modified":"2020-04-13T13:37:31","modified_gmt":"2020-04-13T13:37:31","slug":"iceland-land-of-contrasts","status":"publish","type":"product","link":"https:\/\/fjellheimengalleri.no\/no\/produkt\/iceland-land-of-contrasts\/","title":{"rendered":"Iceland \u2013 land of contrasts"},"content":{"rendered":"","protected":false},"excerpt":{"rendered":"<p><em>Iceland \u2013 land of contrasts<\/em>, utgitt i 2011 p\u00e5 Geographia Publishing, Ungarn.<\/p>\n<p><em>\u201cObserving strong contrasts in the natural world is a powerful way to ponder its attributes, since contrasts engender a comparison. And Iceland\u2019s nature has many of these contrasts, indeed: light in the darkness, patches of forest neighbouring vast stone deserts, vibrant colours attracting the eye in a grey-toned landscape. When you watch the red fire of a volcanic eruption flaming from the ice of a glacier, it becomes even clearer to you how hot the lava is, how cold the ice \u2013 and on a bright summer night you recall the dark days of winter.\u201d<\/em> (Unnur J\u00f6kulsd\u00f3ttir)<\/p>\n<p>Foto | Erlend Haarberg &amp; Orsolya Haarberg<br \/>\nTekst | Unnur J\u00f6kulsd\u00f3ttir<br \/>\nGrafisk design | Zsolt Czak\u00f3<br \/>\nBok | Engelsk | 256 sider | 192 farge fotografier | 258mmx258mm | 1475g<br \/>\nISBN 978-615-510-511-1<\/p>\n<p>Andre spr\u00e5k utgaver:<em><br \/>\n<\/em>Ungarsk: <em>Izland \u2013 a v\u00e9gletek f\u00f6ldje<\/em><\/p>\n<p>Boken er utsolgt.<\/p>\n","protected":false},"featured_media":1180,"template":"","meta":[],"product_brand":[],"product_cat":[208],"product_tag":[],"product-subject":[],"product-season":[],"product-exhibition":[],"product-theme":[],"product-colour":[],"product-land":[],"product-print-size":[],"class_list":{"0":"post-1829","1":"product","2":"type-product","3":"status-publish","4":"has-post-thumbnail","6":"product_cat-boker","7":"sales-flash-overlay","8":"woocommerce-text-align-center","9":"woocommerce-image-align-center","10":"do-quantity-buttons","11":"wc-has-gallery","13":"first","14":"instock","15":"shipping-taxable","16":"product-type-simple"},"yoast_head":"<!-- This site is optimized with the Yoast SEO plugin v27.5 - https:\/\/yoast.com\/product\/yoast-seo-wordpress\/ -->\n<title>Iceland \u2013 land of contrasts - Fjellheimen Galleri<\/title>\n<meta name=\"robots\" content=\"index, follow, max-snippet:-1, max-image-preview:large, max-video-preview:-1\" \/>\n<link rel=\"canonical\" href=\"https:\/\/fjellheimengalleri.no\/no\/produkt\/iceland-land-of-contrasts\/\" \/>\n<meta property=\"og:locale\" content=\"nb_NO\" \/>\n<meta property=\"og:type\" content=\"article\" \/>\n<meta property=\"og:title\" content=\"Iceland \u2013 land of contrasts - Fjellheimen Galleri\" \/>\n<meta property=\"og:description\" content=\"Iceland \u2013 land of contrasts, utgitt i 2011 p\u00e5 Geographia Publishing, Ungarn.  \u201cObserving strong contrasts in the natural world is a powerful way to ponder its attributes, since contrasts engender a comparison. And Iceland\u2019s nature has many of these contrasts, indeed: light in the darkness, patches of forest neighbouring vast stone deserts, vibrant colours attracting the eye in a grey-toned landscape. When you watch the red fire of a volcanic eruption flaming from the ice of a glacier, it becomes even clearer to you how hot the lava is, how cold the ice \u2013 and on a bright summer night you recall the dark days of winter.\u201d (Unnur J\u00f6kulsd\u00f3ttir)  Foto | Erlend Haarberg &amp; Orsolya Haarberg Tekst | Unnur J\u00f6kulsd\u00f3ttir Grafisk design | Zsolt Czak\u00f3 Bok | Engelsk | 256 sider | 192 farge fotografier | 258mmx258mm | 1475g ISBN 978-615-510-511-1  Andre spr\u00e5k utgaver: Ungarsk: Izland \u2013 a v\u00e9gletek f\u00f6ldje  Boken er utsolgt.\" \/>\n<meta property=\"og:url\" content=\"https:\/\/fjellheimengalleri.no\/no\/produkt\/iceland-land-of-contrasts\/\" \/>\n<meta property=\"og:site_name\" content=\"Fjellheimen Galleri\" \/>\n<meta property=\"og:image\" content=\"https:\/\/fjellheimengalleri.no\/wp-content\/uploads\/2020\/04\/Iceland_frontpage_1020px.jpg\" \/>\n\t<meta property=\"og:image:width\" content=\"1020\" \/>\n\t<meta property=\"og:image:height\" content=\"1020\" \/>\n\t<meta property=\"og:image:type\" content=\"image\/jpeg\" \/>\n<meta name=\"twitter:card\" content=\"summary_large_image\" \/>\n<script type=\"application\/ld+json\" class=\"yoast-schema-graph\">{\"@context\":\"https:\\\/\\\/schema.org\",\"@graph\":[{\"@type\":\"WebPage\",\"@id\":\"https:\\\/\\\/fjellheimengalleri.no\\\/no\\\/produkt\\\/iceland-land-of-contrasts\\\/\",\"url\":\"https:\\\/\\\/fjellheimengalleri.no\\\/no\\\/produkt\\\/iceland-land-of-contrasts\\\/\",\"name\":\"Iceland \u2013 land of contrasts - Fjellheimen Galleri\",\"isPartOf\":{\"@id\":\"https:\\\/\\\/fjellheimengalleri.no\\\/no\\\/#website\"},\"primaryImageOfPage\":{\"@id\":\"https:\\\/\\\/fjellheimengalleri.no\\\/no\\\/produkt\\\/iceland-land-of-contrasts\\\/#primaryimage\"},\"image\":{\"@id\":\"https:\\\/\\\/fjellheimengalleri.no\\\/no\\\/produkt\\\/iceland-land-of-contrasts\\\/#primaryimage\"},\"thumbnailUrl\":\"https:\\\/\\\/fjellheimengalleri.no\\\/wp-content\\\/uploads\\\/2020\\\/04\\\/Iceland_frontpage_1020px.jpg\",\"datePublished\":\"2020-04-13T13:37:31+00:00\",\"breadcrumb\":{\"@id\":\"https:\\\/\\\/fjellheimengalleri.no\\\/no\\\/produkt\\\/iceland-land-of-contrasts\\\/#breadcrumb\"},\"inLanguage\":\"nb-NO\",\"potentialAction\":[{\"@type\":\"ReadAction\",\"target\":[\"https:\\\/\\\/fjellheimengalleri.no\\\/no\\\/produkt\\\/iceland-land-of-contrasts\\\/\"]}]},{\"@type\":\"ImageObject\",\"inLanguage\":\"nb-NO\",\"@id\":\"https:\\\/\\\/fjellheimengalleri.no\\\/no\\\/produkt\\\/iceland-land-of-contrasts\\\/#primaryimage\",\"url\":\"https:\\\/\\\/fjellheimengalleri.no\\\/wp-content\\\/uploads\\\/2020\\\/04\\\/Iceland_frontpage_1020px.jpg\",\"contentUrl\":\"https:\\\/\\\/fjellheimengalleri.no\\\/wp-content\\\/uploads\\\/2020\\\/04\\\/Iceland_frontpage_1020px.jpg\",\"width\":1020,\"height\":1020},{\"@type\":\"BreadcrumbList\",\"@id\":\"https:\\\/\\\/fjellheimengalleri.no\\\/no\\\/produkt\\\/iceland-land-of-contrasts\\\/#breadcrumb\",\"itemListElement\":[{\"@type\":\"ListItem\",\"position\":1,\"name\":\"Home\",\"item\":\"https:\\\/\\\/fjellheimengalleri.no\\\/no\\\/\"},{\"@type\":\"ListItem\",\"position\":2,\"name\":\"Velkommen til Fjellheimen galleri!\",\"item\":\"https:\\\/\\\/fjellheimengalleri.no\\\/no\\\/shop\\\/\"},{\"@type\":\"ListItem\",\"position\":3,\"name\":\"Iceland \u2013 land of contrasts\"}]},{\"@type\":\"WebSite\",\"@id\":\"https:\\\/\\\/fjellheimengalleri.no\\\/no\\\/#website\",\"url\":\"https:\\\/\\\/fjellheimengalleri.no\\\/no\\\/\",\"name\":\"Fjellheimen Galleri\",\"description\":\"PRISBEL\u00d8NTE FOTOGRAFIER OG H\u00c5NDLAGEDE BILDERAMMER AV GAMMELT TREVERK FRA DEN NORSKE FJELLHEIMEN, OG MER!\",\"publisher\":{\"@id\":\"https:\\\/\\\/fjellheimengalleri.no\\\/no\\\/#organization\"},\"potentialAction\":[{\"@type\":\"SearchAction\",\"target\":{\"@type\":\"EntryPoint\",\"urlTemplate\":\"https:\\\/\\\/fjellheimengalleri.no\\\/no\\\/?s={search_term_string}\"},\"query-input\":{\"@type\":\"PropertyValueSpecification\",\"valueRequired\":true,\"valueName\":\"search_term_string\"}}],\"inLanguage\":\"nb-NO\"},{\"@type\":\"Organization\",\"@id\":\"https:\\\/\\\/fjellheimengalleri.no\\\/no\\\/#organization\",\"name\":\"Fjellheimen Galleri\",\"url\":\"https:\\\/\\\/fjellheimengalleri.no\\\/no\\\/\",\"logo\":{\"@type\":\"ImageObject\",\"inLanguage\":\"nb-NO\",\"@id\":\"https:\\\/\\\/fjellheimengalleri.no\\\/no\\\/#\\\/schema\\\/logo\\\/image\\\/\",\"url\":\"https:\\\/\\\/fjellheimengalleri.no\\\/wp-content\\\/uploads\\\/2026\\\/02\\\/cropped-Logo_Bla_fjellheimen_galleri-1.png\",\"contentUrl\":\"https:\\\/\\\/fjellheimengalleri.no\\\/wp-content\\\/uploads\\\/2026\\\/02\\\/cropped-Logo_Bla_fjellheimen_galleri-1.png\",\"width\":769,\"height\":473,\"caption\":\"Fjellheimen Galleri\"},\"image\":{\"@id\":\"https:\\\/\\\/fjellheimengalleri.no\\\/no\\\/#\\\/schema\\\/logo\\\/image\\\/\"}}]}<\/script>\n<!-- \/ Yoast SEO plugin. -->","yoast_head_json":{"title":"Iceland \u2013 land of contrasts - Fjellheimen Galleri","robots":{"index":"index","follow":"follow","max-snippet":"max-snippet:-1","max-image-preview":"max-image-preview:large","max-video-preview":"max-video-preview:-1"},"canonical":"https:\/\/fjellheimengalleri.no\/no\/produkt\/iceland-land-of-contrasts\/","og_locale":"nb_NO","og_type":"article","og_title":"Iceland \u2013 land of contrasts - Fjellheimen Galleri","og_description":"Iceland \u2013 land of contrasts, utgitt i 2011 p\u00e5 Geographia Publishing, Ungarn.  \u201cObserving strong contrasts in the natural world is a powerful way to ponder its attributes, since contrasts engender a comparison. And Iceland\u2019s nature has many of these contrasts, indeed: light in the darkness, patches of forest neighbouring vast stone deserts, vibrant colours attracting the eye in a grey-toned landscape. When you watch the red fire of a volcanic eruption flaming from the ice of a glacier, it becomes even clearer to you how hot the lava is, how cold the ice \u2013 and on a bright summer night you recall the dark days of winter.\u201d (Unnur J\u00f6kulsd\u00f3ttir)  Foto | Erlend Haarberg &amp; Orsolya Haarberg Tekst | Unnur J\u00f6kulsd\u00f3ttir Grafisk design | Zsolt Czak\u00f3 Bok | Engelsk | 256 sider | 192 farge fotografier | 258mmx258mm | 1475g ISBN 978-615-510-511-1  Andre spr\u00e5k utgaver: Ungarsk: Izland \u2013 a v\u00e9gletek f\u00f6ldje  Boken er utsolgt.","og_url":"https:\/\/fjellheimengalleri.no\/no\/produkt\/iceland-land-of-contrasts\/","og_site_name":"Fjellheimen Galleri","og_image":[{"width":1020,"height":1020,"url":"https:\/\/fjellheimengalleri.no\/wp-content\/uploads\/2020\/04\/Iceland_frontpage_1020px.jpg","type":"image\/jpeg"}],"twitter_card":"summary_large_image","schema":{"@context":"https:\/\/schema.org","@graph":[{"@type":"WebPage","@id":"https:\/\/fjellheimengalleri.no\/no\/produkt\/iceland-land-of-contrasts\/","url":"https:\/\/fjellheimengalleri.no\/no\/produkt\/iceland-land-of-contrasts\/","name":"Iceland \u2013 land of contrasts - Fjellheimen Galleri","isPartOf":{"@id":"https:\/\/fjellheimengalleri.no\/no\/#website"},"primaryImageOfPage":{"@id":"https:\/\/fjellheimengalleri.no\/no\/produkt\/iceland-land-of-contrasts\/#primaryimage"},"image":{"@id":"https:\/\/fjellheimengalleri.no\/no\/produkt\/iceland-land-of-contrasts\/#primaryimage"},"thumbnailUrl":"https:\/\/fjellheimengalleri.no\/wp-content\/uploads\/2020\/04\/Iceland_frontpage_1020px.jpg","datePublished":"2020-04-13T13:37:31+00:00","breadcrumb":{"@id":"https:\/\/fjellheimengalleri.no\/no\/produkt\/iceland-land-of-contrasts\/#breadcrumb"},"inLanguage":"nb-NO","potentialAction":[{"@type":"ReadAction","target":["https:\/\/fjellheimengalleri.no\/no\/produkt\/iceland-land-of-contrasts\/"]}]},{"@type":"ImageObject","inLanguage":"nb-NO","@id":"https:\/\/fjellheimengalleri.no\/no\/produkt\/iceland-land-of-contrasts\/#primaryimage","url":"https:\/\/fjellheimengalleri.no\/wp-content\/uploads\/2020\/04\/Iceland_frontpage_1020px.jpg","contentUrl":"https:\/\/fjellheimengalleri.no\/wp-content\/uploads\/2020\/04\/Iceland_frontpage_1020px.jpg","width":1020,"height":1020},{"@type":"BreadcrumbList","@id":"https:\/\/fjellheimengalleri.no\/no\/produkt\/iceland-land-of-contrasts\/#breadcrumb","itemListElement":[{"@type":"ListItem","position":1,"name":"Home","item":"https:\/\/fjellheimengalleri.no\/no\/"},{"@type":"ListItem","position":2,"name":"Velkommen til Fjellheimen galleri!","item":"https:\/\/fjellheimengalleri.no\/no\/shop\/"},{"@type":"ListItem","position":3,"name":"Iceland \u2013 land of contrasts"}]},{"@type":"WebSite","@id":"https:\/\/fjellheimengalleri.no\/no\/#website","url":"https:\/\/fjellheimengalleri.no\/no\/","name":"Fjellheimen Galleri","description":"PRISBEL\u00d8NTE FOTOGRAFIER OG H\u00c5NDLAGEDE BILDERAMMER AV GAMMELT TREVERK FRA DEN NORSKE FJELLHEIMEN, OG MER!","publisher":{"@id":"https:\/\/fjellheimengalleri.no\/no\/#organization"},"potentialAction":[{"@type":"SearchAction","target":{"@type":"EntryPoint","urlTemplate":"https:\/\/fjellheimengalleri.no\/no\/?s={search_term_string}"},"query-input":{"@type":"PropertyValueSpecification","valueRequired":true,"valueName":"search_term_string"}}],"inLanguage":"nb-NO"},{"@type":"Organization","@id":"https:\/\/fjellheimengalleri.no\/no\/#organization","name":"Fjellheimen Galleri","url":"https:\/\/fjellheimengalleri.no\/no\/","logo":{"@type":"ImageObject","inLanguage":"nb-NO","@id":"https:\/\/fjellheimengalleri.no\/no\/#\/schema\/logo\/image\/","url":"https:\/\/fjellheimengalleri.no\/wp-content\/uploads\/2026\/02\/cropped-Logo_Bla_fjellheimen_galleri-1.png","contentUrl":"https:\/\/fjellheimengalleri.no\/wp-content\/uploads\/2026\/02\/cropped-Logo_Bla_fjellheimen_galleri-1.png","width":769,"height":473,"caption":"Fjellheimen Galleri"},"image":{"@id":"https:\/\/fjellheimengalleri.no\/no\/#\/schema\/logo\/image\/"}}]}},"_links":{"self":[{"href":"https:\/\/fjellheimengalleri.no\/no\/wp-json\/wp\/v2\/product\/1829","targetHints":{"allow":["GET"]}}],"collection":[{"href":"https:\/\/fjellheimengalleri.no\/no\/wp-json\/wp\/v2\/product"}],"about":[{"href":"https:\/\/fjellheimengalleri.no\/no\/wp-json\/wp\/v2\/types\/product"}],"wp:featuredmedia":[{"embeddable":true,"href":"https:\/\/fjellheimengalleri.no\/no\/wp-json\/wp\/v2\/media\/1180"}],"wp:attachment":[{"href":"https:\/\/fjellheimengalleri.no\/no\/wp-json\/wp\/v2\/media?parent=1829"}],"wp:term":[{"taxonomy":"product_brand","embeddable":true,"href":"https:\/\/fjellheimengalleri.no\/no\/wp-json\/wp\/v2\/product_brand?post=1829"},{"taxonomy":"product_cat","embeddable":true,"href":"https:\/\/fjellheimengalleri.no\/no\/wp-json\/wp\/v2\/product_cat?post=1829"},{"taxonomy":"product_tag","embeddable":true,"href":"https:\/\/fjellheimengalleri.no\/no\/wp-json\/wp\/v2\/product_tag?post=1829"},{"taxonomy":"product-subject","embeddable":true,"href":"https:\/\/fjellheimengalleri.no\/no\/wp-json\/wp\/v2\/product-subject?post=1829"},{"taxonomy":"product-season","embeddable":true,"href":"https:\/\/fjellheimengalleri.no\/no\/wp-json\/wp\/v2\/product-season?post=1829"},{"taxonomy":"product-exhibition","embeddable":true,"href":"https:\/\/fjellheimengalleri.no\/no\/wp-json\/wp\/v2\/product-exhibition?post=1829"},{"taxonomy":"product-theme","embeddable":true,"href":"https:\/\/fjellheimengalleri.no\/no\/wp-json\/wp\/v2\/product-theme?post=1829"},{"taxonomy":"product-colour","embeddable":true,"href":"https:\/\/fjellheimengalleri.no\/no\/wp-json\/wp\/v2\/product-colour?post=1829"},{"taxonomy":"product-land","embeddable":true,"href":"https:\/\/fjellheimengalleri.no\/no\/wp-json\/wp\/v2\/product-land?post=1829"},{"taxonomy":"product-print-size","embeddable":true,"href":"https:\/\/fjellheimengalleri.no\/no\/wp-json\/wp\/v2\/product-print-size?post=1829"}],"curies":[{"name":"wp","href":"https:\/\/api.w.org\/{rel}","templated":true}]}}